{"id":120,"date":"2020-02-25T09:37:09","date_gmt":"2020-02-25T08:37:09","guid":{"rendered":"https:\/\/www.camping-valkenburg.com\/?page_id=120"},"modified":"2023-01-05T17:51:36","modified_gmt":"2023-01-05T16:51:36","slug":"politique-de-protection-des-donnees-personnelles","status":"publish","type":"page","link":"https:\/\/www.camping-valkenburg.com\/fr\/politique-de-protection-des-donnees-personnelles\/","title":{"rendered":"Politique de protection des donn\u00e9es personnelles"},"content":{"rendered":"<div class=\"wpb-content-wrapper\"><p>[vc_row][vc_column]<div class=\"wrappedcontent\">[vc_empty_space height=\u00a0\u00bb65px\u00a0\u00bb][vc_column_text]<\/p>\n<p style=\"text-align: center;\"><span style=\"font-size: 16pt; color: #e84e1b;\"><strong>Politique de protection des donn\u00e9es personnelles<\/strong><\/span><\/p>\n<p style=\"text-align: center;\">La vie priv\u00e9e de ses clients est importante pour Huttopia.<br \/>\nCC\u2019est pourquoi, en conformit\u00e9 avec la r\u00e8glementation en vigueur sur la protection des donn\u00e9es personnelles, en particulier le R\u00e8glement G\u00e9n\u00e9ral sur la Protection des Donn\u00e9es \u00ab RGPD \u00bb nous avons d\u00e9sign\u00e9 un D\u00e9l\u00e9gu\u00e9 \u00e0 la Protection des Donn\u00e9es et mettons tout en \u0153uvre pour appliquer les recommandations de la CNIL.<\/p>\n<p style=\"text-align: center;\"><strong>Nous traitons les donn\u00e9es de nos utilisateurs, clients ou prospects avec les caract\u00e9ristiques suivantes\u00a0:<\/strong><\/p>\n<p>[\/vc_column_text]<\/div>[\/vc_column][\/vc_row][vc_row css=\u00a0\u00bb.vc_custom_1615378935737{background-color: #e8e8e8 !important;}\u00a0\u00bb][vc_column]<div class=\"wrappedcontent\">[vc_column_text]<span style=\"color: #e84e1b; font-size: 14pt;\"><strong>1. Donn\u00e9es collect\u00e9es<\/strong><\/span><\/p>\n<p>Les donn\u00e9es \u00e0 caract\u00e8re personnel qui sont collect\u00e9es sur ce site sont les suivantes :<\/p>\n<p><strong>Ouverture de compte :<\/strong>\u00a0lors de la cr\u00e9ation du compte de l\u2019utilisateur, ses nom, pr\u00e9nom, adresse \u00e9lectronique.<br \/>\n<strong>Connexion :<\/strong> lors de la connexion de l\u2019utilisateur au site, celle-ci enregistre, notamment, ses nom, pr\u00e9nom, donn\u00e9es de connexion, d\u2019utilisation, de localisation.<br \/>\n<strong>Profil :<\/strong>\u00a0l\u2019utilisation des prestations pr\u00e9vues sur le site permet de renseigner un profil, pouvant comprendre une adresse et un num\u00e9ro de t\u00e9l\u00e9phone.<br \/>\n<strong>Paiement :<\/strong>\u00a0dans le cadre du paiement des produits et prestations propos\u00e9s sur le site, celui-ci enregistre des donn\u00e9es financi\u00e8res relatives au compte bancaire ou \u00e0 la carte de cr\u00e9dit de l\u2019utilisateur.<br \/>\n<strong>Cookies :<\/strong> les cookies sont utilis\u00e9s, dans le cadre de l\u2019utilisation du site. L\u2019utilisateur a la possibilit\u00e9 de d\u00e9sactiver les cookies \u00e0 la premi\u00e8re connexion et ensuite \u00e0 partir des param\u00e8tres de son navigateur. Les cookies sont essentiels au bon fonctionnement du site et permettent \u00e0 l\u2019utilisateur d&rsquo;am\u00e9liorer son exp\u00e9rience de navigation, d&rsquo;utiliser certaines fonctionnalit\u00e9s de partage sur les r\u00e9seaux sociaux et d\u2019avoir acc\u00e8s \u00e0 des contenus et publicit\u00e9s bas\u00e9s sur ses centres d&rsquo;int\u00e9r\u00eat. Certains cookies sont indispensables au fonctionnement du site et s\u2019installent automatiquement. A la premi\u00e8re connexion sur le site l\u2019utilisateur peut accepter ou refuser l\u2019installation des cookies non indispensables pour lesquels son consentement est requis. A chaque instant l\u2019utilisateur peut modifier ses pr\u00e9f\u00e9rences en mati\u00e8re de cookies en cliquant sur le lien \u00ab g\u00e9rer le consentement \u00bb, un lien pr\u00e9sent en bas de page sur la majorit\u00e9 de nos sites.[\/vc_column_text]<\/div>[\/vc_column][\/vc_row][vc_row][vc_column]<div class=\"wrappedcontent\">[vc_column_text]<span style=\"color: #e84e1b; font-size: 14pt;\"><strong>2. Finalit\u00e9 des traitements<\/strong><\/span><\/p>\n<p>Les donn\u00e9es personnelles collect\u00e9es aupr\u00e8s des utilisateurs ont pour objectif la mise \u00e0 disposition des services du site, leur am\u00e9lioration et le maintien d\u2019un environnement s\u00e9curis\u00e9. Plus pr\u00e9cis\u00e9ment, les utilisations sont les suivantes :<\/p>\n<p>\u2013 Acc\u00e8s et utilisation du site par l\u2019utilisateur ;<br \/>\n\u2013 Gestion du fonctionnement et optimisation du site ;<br \/>\n\u2013 V\u00e9rification, identification et authentification des donn\u00e9es transmises par l\u2019utilisateur ;<br \/>\n\u2013 Mise en \u0153uvre d\u2019une assistance utilisateurs ;<br \/>\n\u2013 Personnalisation des services en affichant des publicit\u00e9s en fonction de l\u2019historique de navigation de l\u2019utilisateur, selon ses pr\u00e9f\u00e9rences ;<br \/>\n\u2013 Pr\u00e9vention et d\u00e9tection des fraudes, malwares (\u201cmalicious softwares\u201c ou logiciels malveillants) et gestion des incidents de s\u00e9curit\u00e9 ;<br \/>\n\u2013 Gestion des \u00e9ventuels litiges avec les utilisateurs ;<br \/>\n\u2013 Envoi d\u2019informations commerciales et publicitaires, en fonction des pr\u00e9f\u00e9rences de l\u2019utilisateur.[\/vc_column_text]<\/div>[\/vc_column][\/vc_row][vc_row css=\u00a0\u00bb.vc_custom_1615378935737{background-color: #e8e8e8 !important;}\u00a0\u00bb][vc_column]<div class=\"wrappedcontent\">[vc_column_text]<span style=\"color: #e84e1b; font-size: 14pt;\"><strong>3. Dur\u00e9e de conservation<\/strong><\/span><\/p>\n<p>Les donn\u00e9es \u00e0 caract\u00e8re personnel sont conserv\u00e9es pendant une dur\u00e9e limit\u00e9e qui n\u2019exc\u00e8de pas la dur\u00e9e n\u00e9cessaire aux finalit\u00e9s de la collecte.[\/vc_column_text]<\/div>[\/vc_column][\/vc_row][vc_row][vc_column]<div class=\"wrappedcontent\">[vc_column_text]<span style=\"color: #e84e1b; font-size: 14pt;\"><strong>4. Base juridique<\/strong><\/span><\/p>\n<p>La base juridique retenue est pour les traitements list\u00e9s ci-dessous\u00a0:<br \/>\n\u2013\u00a0<strong>La gestion des prospects\u00a0:<\/strong>\u00a0l\u2019int\u00e9r\u00eat l\u00e9gitime<br \/>\n\u2013\u00a0<strong>L\u2019inscription et gestion de la newsletter\u00a0:<\/strong>\u00a0le consentement<br \/>\n\u2013\u00a0<strong>L\u2019analyse des comportements d\u2019achats\u00a0:<\/strong>\u00a0l\u2019int\u00e9r\u00eat l\u00e9gitime<br \/>\n\u2013\u00a0<strong>La gestion d\u2019un s\u00e9jour<\/strong>\u00a0(r\u00e9servation, facturation) : n\u00e9cessaire \u00e0 l\u2019ex\u00e9cution d\u2019un contrat<br \/>\n\u2013\u00a0<strong>La satisfaction client\u00a0:<\/strong>\u00a0l\u2019int\u00e9r\u00eat l\u00e9gitime[\/vc_column_text]<\/div>[\/vc_column][\/vc_row][vc_row css=\u00a0\u00bb.vc_custom_1615378935737{background-color: #e8e8e8 !important;}\u00a0\u00bb][vc_column]<div class=\"wrappedcontent\">[vc_column_text]<span style=\"color: #e84e1b; font-size: 14pt;\"><strong>5. Partage des donn\u00e9es personnelles avec des tiers<\/strong><\/span><\/p>\n<p>Les donn\u00e9es personnelles peuvent \u00eatre partag\u00e9es avec des soci\u00e9t\u00e9s tierces, dans les cas suivants :<\/p>\n<p>\u2013 Quand l\u2019utilisateur utilise les services de paiement, pour la mise en \u0153uvre de ces services, le site est en relation avec des soci\u00e9t\u00e9s bancaires et financi\u00e8res tierces avec lesquelles elle a pass\u00e9 des contrats ;<br \/>\n\u2013 Lorsque l\u2019utilisateur publie, dans les zones de commentaires libres du site, des informations accessibles au public ;<br \/>\n\u2013 Quand l\u2019utilisateur autorise le site web d\u2019un tiers \u00e0 acc\u00e9der \u00e0 ses donn\u00e9es ;<br \/>\n\u2013 Quand le site recourt aux services de prestataires pour fournir l\u2019assistance utilisateurs, la publicit\u00e9 et les services de paiement. Ces prestataires disposent d\u2019un acc\u00e8s limit\u00e9 aux donn\u00e9es de l\u2019utilisateur, dans le cadre de l\u2019ex\u00e9cution de ces prestations, et ont une obligation contractuelle de les utiliser en conformit\u00e9 avec les dispositions de la r\u00e9glementation applicable en mati\u00e8re protection des donn\u00e9es \u00e0 caract\u00e8re personnel ;<br \/>\n\u2013 Si la loi l\u2019exige, le site peut effectuer la transmission de donn\u00e9es pour donner suite aux r\u00e9clamations pr\u00e9sent\u00e9es contre le site et se conformer aux proc\u00e9dures administratives et judiciaires ;<br \/>\n\u2013 Si le site est impliqu\u00e9 dans une op\u00e9ration de fusion, acquisition, cession d\u2019actifs ou proc\u00e9dure de redressement judiciaire, il pourra \u00eatre amen\u00e9e \u00e0 c\u00e9der ou partager tout ou partie de ses actifs, y compris les donn\u00e9es \u00e0 caract\u00e8re personnel. Dans ce cas, les utilisateurs seraient inform\u00e9s, avant que les donn\u00e9es \u00e0 caract\u00e8re personnel ne soient transf\u00e9r\u00e9es \u00e0 une tierce partie.[\/vc_column_text]<\/div>[\/vc_column][\/vc_row][vc_row][vc_column]<div class=\"wrappedcontent\">[vc_column_text]<span style=\"color: #e84e1b; font-size: 14pt;\"><strong>6. Transfert de donn\u00e9es personnelles<\/strong><\/span><\/p>\n<p>Les donn\u00e9es collect\u00e9es sur ce site ne sont pas transmises en dehors de l\u2019union europ\u00e9enne.<\/p>\n<p>N\u00e9anmoins, si l\u2019utilisateur souhaite r\u00e9server un s\u00e9jour aux \u00c9tats-Unis et\/ou au Canada, les conditions g\u00e9n\u00e9rales de ventes du site https:\/\/canada-usa.huttopia.com\/ s\u2019appliquent.<br \/>\nAux \u00c9tats-Unis il est \u00e0 noter que depuis le 16 juillet 2020 le Privacy Shield a \u00e9t\u00e9 invalid\u00e9 par la Cour de Justice Europ\u00e9enne, c\u2019est-\u00e0-dire qu\u2019il n\u2019est plus reconnu comme un cadre juridique assurant une protection des donn\u00e9es personnelles ad\u00e9quate.<\/p>\n<p>Au Canada et dans la province du Qu\u00e9bec, les donn\u00e9es personnelles sont utilis\u00e9es conform\u00e9ment \u00e0 la loi f\u00e9d\u00e9rale sur la protection des renseignements personnels et les documents \u00e9lectroniques (LPRPDE) et \u00e0 la loi du Qu\u00e9bec relative \u00e0 la protection des renseignements personnels du secteur priv\u00e9.<\/p>\n<p>Huttopia vous informe qu\u2019il met en \u0153uvre le m\u00eame niveau de protection de donn\u00e9es \u00e0 caract\u00e8re personnelle partout dans le monde, quelque soit le cadre r\u00e8glementaire.[\/vc_column_text]<\/div>[\/vc_column][\/vc_row][vc_row css=\u00a0\u00bb.vc_custom_1615378935737{background-color: #e8e8e8 !important;}\u00a0\u00bb][vc_column]<div class=\"wrappedcontent\">[vc_column_text]<span style=\"color: #e84e1b; font-size: 14pt;\"><strong>7. S\u00e9curit\u00e9 et confidentialit\u00e9<\/strong><\/span><\/p>\n<p>Le site met en \u0153uvre des mesures organisationnelles, techniques, logicielles et physiques en mati\u00e8re de s\u00e9curit\u00e9 du num\u00e9rique pour prot\u00e9ger les donn\u00e9es personnelles contre les alt\u00e9rations, destructions et acc\u00e8s non autoris\u00e9s. Toutefois, il est \u00e0 signaler qu\u2019internet n\u2019est pas un environnement compl\u00e8tement s\u00e9curis\u00e9 et le site ne peut pas garantir la s\u00e9curit\u00e9 de la transmission ou du stockage des informations sur internet.[\/vc_column_text]<\/div>[\/vc_column][\/vc_row][vc_row][vc_column]<div class=\"wrappedcontent\">[vc_column_text]<span style=\"color: #e84e1b; font-size: 14pt;\"><strong>8. Mise en \u0153uvre des droits des personnes concern\u00e9es<\/strong><\/span><\/p>\n<p>Vous disposez, en vertu de la loi, d\u2019un certain nombre de droits en ce qui concerne vos donn\u00e9es \u00e0 caract\u00e8re personnel. Vous pouvez obtenir de plus amples informations et conseils sur vos droits aupr\u00e8s de l\u2019autorit\u00e9 comp\u00e9tente en mati\u00e8re de protection de donn\u00e9s de votre pays (en France, la Commission Nationale Informatique et Libert\u00e9s (CNIL : https:\/\/www.cnil.fr\/).<\/p>\n<p><strong>1- Le droit \u00e0 l\u2019information \u2013<\/strong>\u00a0Vous avez le droit de recevoir des informations claires, transparentes et facilement compr\u00e9hensibles sur la fa\u00e7on dont nous utilisons vos donn\u00e9es, et sur vos droits. C\u2019est la raison pour laquelle nous vous communiquons ces informations \u00e0 travers cette politique de confidentialit\u00e9.<\/p>\n<p><strong>2- Le droit d\u2019acc\u00e8s \u2013<\/strong>\u00a0Vous avez le droit d\u2019obtenir l\u2019acc\u00e8s \u00e0 vos informations (si nous les traitons), et \u00e0 certaines autres (comme celles ici fournies). Le but est que vous soyez bien au courant et puissiez v\u00e9rifier que nous faisons usage de vos informations conform\u00e9ment aux lois sur la protection des donn\u00e9es.<\/p>\n<p><strong>3- Le droit de rectification \u2013<\/strong>\u00a0Vous avez le droit de faire corriger vos informations si elles sont inexactes ou incompl\u00e8tes.<\/p>\n<p><strong>4- Le droit \u00e0 l\u2019effacement \u2013<\/strong>\u00a0Ce droit est \u00e9galement connu comme le \u00ab\u00a0droit \u00e0 l\u2019oubli\u00a0\u00bb et, en termes simples, il vous permet de demander l\u2019effacement ou la suppression de vos donn\u00e9es lorsqu\u2019il n\u2019existe pas de raison imp\u00e9rieuse pour nous de continuer \u00e0 les utiliser. Il ne s\u2019agit pas pour autant d\u2019un droit g\u00e9n\u00e9ral \u00e0 l\u2019effacement des donn\u00e9es et il y a des exceptions.<\/p>\n<p><strong>5- Le droit \u00e0 la limitation du traitement \u2013<\/strong>\u00a0Vous avez le droit de \u00ab\u00a0bloquer\u00a0\u00bb ou de supprimer toute utilisation ult\u00e9rieure de vos informations. Lorsque le traitement est restreint, nous pouvons les stocker, mais sans pouvoir continuer \u00e0 les utiliser. Nous conservons la liste des personnes ayant demand\u00e9 que l\u2019utilisation ult\u00e9rieure de leurs donn\u00e9es soit bloqu\u00e9e, afin de nous assurer du respect de la mesure de restriction.<\/p>\n<p><strong>6- Le droit \u00e0 la portabilit\u00e9 des donn\u00e9es \u2013<\/strong>\u00a0Vous avez le droit d\u2019obtenir et de r\u00e9utiliser vos donn\u00e9es \u00e0 caract\u00e8re personnel pour vos propres besoins et dans d\u2019autres services. Cela vous permet de les changer de place, copier ou transf\u00e9rer facilement entre nos syst\u00e8mes informatiques et des tiers en toute s\u00e9curit\u00e9, sans affecter leur capacit\u00e9 \u00e0 \u00eatre utilis\u00e9es.<\/p>\n<p><strong>7- Le droit d\u2019opposition \u2013<\/strong>\u00a0Vous avez le droit de vous opposer \u00e0 certains types de traitements, y compris le traitement \u00e0 des fins de commerciales directes (qui n\u2019est possible qu\u2019avec votre consentement).<\/p>\n<p><strong>8- Le droit de pr\u00e9senter une r\u00e9clamation \u2013<\/strong>\u00a0Vous avez le droit de vous plaindre de la fa\u00e7on dont nous traitons ou g\u00e9rons vos donn\u00e9es \u00e0 caract\u00e8re personnel aupr\u00e8s de l\u2019autorit\u00e9 nationale comp\u00e9tente en la mati\u00e8re (en France, la Commission Nationale Informatique et Libert\u00e9s (CNIL : https:\/\/www.cnil.fr\/).<\/p>\n<p><strong>9- Le droit de retirer votre consentement \u2013<\/strong>\u00a0Si vous avez donn\u00e9 votre consentement au traitement ou \u00e0 l\u2019utilisation de vos donn\u00e9es \u00e0 caract\u00e8re personnel, vous pouvez le retirer \u00e0 tout moment (bien que, si vous le faites, cela ne signifie pas que tout ce que nous avons fait avec votre consentement jusqu\u2019\u00e0 cette date ait \u00e9t\u00e9 ill\u00e9gal). Est ici inclus votre droit de retrait de consentement \u00e0 l\u2019utilisation de vos donn\u00e9es personnelles \u00e0 des fins commerciales.<\/p>\n<p>Nous r\u00e9pondons aux demandes et fournissons des informations gratuitement ; toutefois, nous pouvons facturer des frais raisonnables pour couvrir nos co\u00fbts administratifs en cas de demande r\u00e9p\u00e9t\u00e9e.<\/p>\n<p>Nous pouvons aussi \u00eatre en droit de refuser de donner suite \u00e0 une demande. Veuillez juger de votre demande de mani\u00e8re responsable avant de la pr\u00e9senter. Nous y r\u00e9pondrons d\u00e8s que possible, en g\u00e9n\u00e9ral dans un d\u00e9lai d\u2019un mois \u00e0 partir de la date de r\u00e9ception ; mais si le traitement de la demande prend plus de temps, nous vous le ferons savoir.<\/p>\n<p><strong>Pour nous contacter sur la protection des donn\u00e9es personnelles\u00a0:<\/strong><\/p>\n<p>Par courriel \u00e0 l\u2019adresse suivante : data.privacy@huttopia.com<br \/>\nPar Courrier\u00a0: HUTTOPIA, A l\u2019attention du D\u00e9l\u00e9gu\u00e9 \u00e0 la Protection des Donn\u00e9es Personnelles rue du Chapoly 69290 Saint Genis les Olli\u00e8res.[\/vc_column_text]<\/div>[\/vc_column][\/vc_row][vc_row css=\u00a0\u00bb.vc_custom_1615378935737{background-color: #e8e8e8 !important;}\u00a0\u00bb][vc_column]<div class=\"wrappedcontent\">[vc_column_text]<span style=\"color: #e84e1b; font-size: 14pt;\"><strong>9. \u00c9volution de la pr\u00e9sente politique<\/strong><\/span><\/p>\n<p>Huttopia SA se r\u00e9serve le droit d\u2019apporter toute modification \u00e0 la pr\u00e9sente politique relative \u00e0 la protection des donn\u00e9es \u00e0 caract\u00e8re personnel \u00e0 tout moment. Si une modification est apport\u00e9e \u00e0 la pr\u00e9sente politique de protection des donn\u00e9es \u00e0 caract\u00e8re personnel, Huttopia SA s\u2019engage \u00e0 publier la nouvelle version sur son site.[\/vc_column_text]<\/div>[\/vc_column][\/vc_row]<\/p>\n<\/div>","protected":false},"excerpt":{"rendered":"<p>[vc_row][vc_column][\/vc_column][\/vc_row][vc_row css=\u00a0\u00bb.vc_custom_1615378935737{background-color: #e8e8e8 !important;}\u00a0\u00bb][vc_column][\/vc_column][\/vc_row][vc_row][vc_column][\/vc_column][\/vc_row][vc_row css=\u00a0\u00bb.vc_custom_1615378935737{background-color: #e8e8e8 !important;}\u00a0\u00bb][vc_column][\/vc_column][\/vc_row][vc_row][vc_column][\/vc_column][\/vc_row][vc_row css=\u00a0\u00bb.vc_custom_1615378935737{background-color: #e8e8e8 !important;}\u00a0\u00bb][vc_column][\/vc_column][\/vc_row][vc_row][vc_column][\/vc_column][\/vc_row][vc_row css=\u00a0\u00bb.vc_custom_1615378935737{background-color: #e8e8e8 !important;}\u00a0\u00bb][vc_column][\/vc_column][\/vc_row][vc_row][vc_column][\/vc_column][\/vc_row][vc_row css=\u00a0\u00bb.vc_custom_1615378935737{background-color: #e8e8e8 !important;}\u00a0\u00bb][vc_column][\/vc_column][\/vc_row]<\/p>\n","protected":false},"author":4,"featured_media":0,"parent":0,"menu_order":0,"comment_status":"closed","ping_status":"closed","template":"","meta":{"footnotes":""},"class_list":["post-120","page","type-page","status-publish","hentry"],"yoast_head":"<!-- This site is optimized with the Yoast SEO plugin v25.6 - https:\/\/yoast.com\/wordpress\/plugins\/seo\/ -->\n<title>Politique de protection des donn\u00e9es personnelles - Camping Valkenburg - Maastricht<\/title>\n<meta name=\"robots\" content=\"index, follow, max-snippet:-1, max-image-preview:large, max-video-preview:-1\" \/>\n<link rel=\"canonical\" href=\"https:\/\/www.camping-valkenburg.com\/fr\/politique-de-protection-des-donnees-personnelles\/\" \/>\n<meta property=\"og:locale\" content=\"fr_FR\" \/>\n<meta property=\"og:type\" content=\"article\" \/>\n<meta property=\"og:title\" content=\"Politique de protection des donn\u00e9es personnelles - Camping Valkenburg - Maastricht\" \/>\n<meta property=\"og:description\" content=\"[vc_row][vc_column][\/vc_column][\/vc_row][vc_row css=\u00a0\u00bb.vc_custom_1615378935737{background-color: #e8e8e8 !important;}\u00a0\u00bb][vc_column][\/vc_column][\/vc_row][vc_row][vc_column][\/vc_column][\/vc_row][vc_row css=\u00a0\u00bb.vc_custom_1615378935737{background-color: #e8e8e8 !important;}\u00a0\u00bb][vc_column][\/vc_column][\/vc_row][vc_row][vc_column][\/vc_column][\/vc_row][vc_row css=\u00a0\u00bb.vc_custom_1615378935737{background-color: #e8e8e8 !important;}\u00a0\u00bb][vc_column][\/vc_column][\/vc_row][vc_row][vc_column][\/vc_column][\/vc_row][vc_row css=\u00a0\u00bb.vc_custom_1615378935737{background-color: #e8e8e8 !important;}\u00a0\u00bb][vc_column][\/vc_column][\/vc_row][vc_row][vc_column][\/vc_column][\/vc_row][vc_row css=\u00a0\u00bb.vc_custom_1615378935737{background-color: #e8e8e8 !important;}\u00a0\u00bb][vc_column][\/vc_column][\/vc_row]\" \/>\n<meta property=\"og:url\" content=\"https:\/\/www.camping-valkenburg.com\/fr\/politique-de-protection-des-donnees-personnelles\/\" \/>\n<meta property=\"og:site_name\" content=\"Camping Valkenburg - Maastricht\" \/>\n<meta property=\"article:modified_time\" content=\"2023-01-05T16:51:36+00:00\" \/>\n<meta name=\"twitter:card\" content=\"summary_large_image\" \/>\n<meta name=\"twitter:label1\" content=\"Est. reading time\" \/>\n\t<meta name=\"twitter:data1\" content=\"9 minutes\" \/>\n<script type=\"application\/ld+json\" class=\"yoast-schema-graph\">{\"@context\":\"https:\/\/schema.org\",\"@graph\":[{\"@type\":\"WebPage\",\"@id\":\"https:\/\/www.camping-valkenburg.com\/fr\/politique-de-protection-des-donnees-personnelles\/\",\"url\":\"https:\/\/www.camping-valkenburg.com\/fr\/politique-de-protection-des-donnees-personnelles\/\",\"name\":\"Politique de protection des donn\u00e9es personnelles - Camping Valkenburg - Maastricht\",\"isPartOf\":{\"@id\":\"https:\/\/www.camping-valkenburg.com\/fr\/#website\"},\"datePublished\":\"2020-02-25T08:37:09+00:00\",\"dateModified\":\"2023-01-05T16:51:36+00:00\",\"breadcrumb\":{\"@id\":\"https:\/\/www.camping-valkenburg.com\/fr\/politique-de-protection-des-donnees-personnelles\/#breadcrumb\"},\"inLanguage\":\"fr-FR\",\"potentialAction\":[{\"@type\":\"ReadAction\",\"target\":[\"https:\/\/www.camping-valkenburg.com\/fr\/politique-de-protection-des-donnees-personnelles\/\"]}]},{\"@type\":\"BreadcrumbList\",\"@id\":\"https:\/\/www.camping-valkenburg.com\/fr\/politique-de-protection-des-donnees-personnelles\/#breadcrumb\",\"itemListElement\":[{\"@type\":\"ListItem\",\"position\":1,\"name\":\"Accueil\",\"item\":\"https:\/\/www.camping-valkenburg.com\/fr\/\"},{\"@type\":\"ListItem\",\"position\":2,\"name\":\"Politique de protection des donn\u00e9es personnelles\"}]},{\"@type\":\"WebSite\",\"@id\":\"https:\/\/www.camping-valkenburg.com\/fr\/#website\",\"url\":\"https:\/\/www.camping-valkenburg.com\/fr\/\",\"name\":\"Camping Valkenburg - Maastricht\",\"description\":\"Un site utilisant Citykamp\",\"potentialAction\":[{\"@type\":\"SearchAction\",\"target\":{\"@type\":\"EntryPoint\",\"urlTemplate\":\"https:\/\/www.camping-valkenburg.com\/fr\/?s={search_term_string}\"},\"query-input\":{\"@type\":\"PropertyValueSpecification\",\"valueRequired\":true,\"valueName\":\"search_term_string\"}}],\"inLanguage\":\"fr-FR\"}]}<\/script>\n<!-- \/ Yoast SEO plugin. -->","yoast_head_json":{"title":"Politique de protection des donn\u00e9es personnelles - Camping Valkenburg - Maastricht","robots":{"index":"index","follow":"follow","max-snippet":"max-snippet:-1","max-image-preview":"max-image-preview:large","max-video-preview":"max-video-preview:-1"},"canonical":"https:\/\/www.camping-valkenburg.com\/fr\/politique-de-protection-des-donnees-personnelles\/","og_locale":"fr_FR","og_type":"article","og_title":"Politique de protection des donn\u00e9es personnelles - Camping Valkenburg - Maastricht","og_description":"[vc_row][vc_column][\/vc_column][\/vc_row][vc_row css=\u00a0\u00bb.vc_custom_1615378935737{background-color: #e8e8e8 !important;}\u00a0\u00bb][vc_column][\/vc_column][\/vc_row][vc_row][vc_column][\/vc_column][\/vc_row][vc_row css=\u00a0\u00bb.vc_custom_1615378935737{background-color: #e8e8e8 !important;}\u00a0\u00bb][vc_column][\/vc_column][\/vc_row][vc_row][vc_column][\/vc_column][\/vc_row][vc_row css=\u00a0\u00bb.vc_custom_1615378935737{background-color: #e8e8e8 !important;}\u00a0\u00bb][vc_column][\/vc_column][\/vc_row][vc_row][vc_column][\/vc_column][\/vc_row][vc_row css=\u00a0\u00bb.vc_custom_1615378935737{background-color: #e8e8e8 !important;}\u00a0\u00bb][vc_column][\/vc_column][\/vc_row][vc_row][vc_column][\/vc_column][\/vc_row][vc_row css=\u00a0\u00bb.vc_custom_1615378935737{background-color: #e8e8e8 !important;}\u00a0\u00bb][vc_column][\/vc_column][\/vc_row]","og_url":"https:\/\/www.camping-valkenburg.com\/fr\/politique-de-protection-des-donnees-personnelles\/","og_site_name":"Camping Valkenburg - Maastricht","article_modified_time":"2023-01-05T16:51:36+00:00","twitter_card":"summary_large_image","twitter_misc":{"Est. reading time":"9 minutes"},"schema":{"@context":"https:\/\/schema.org","@graph":[{"@type":"WebPage","@id":"https:\/\/www.camping-valkenburg.com\/fr\/politique-de-protection-des-donnees-personnelles\/","url":"https:\/\/www.camping-valkenburg.com\/fr\/politique-de-protection-des-donnees-personnelles\/","name":"Politique de protection des donn\u00e9es personnelles - Camping Valkenburg - Maastricht","isPartOf":{"@id":"https:\/\/www.camping-valkenburg.com\/fr\/#website"},"datePublished":"2020-02-25T08:37:09+00:00","dateModified":"2023-01-05T16:51:36+00:00","breadcrumb":{"@id":"https:\/\/www.camping-valkenburg.com\/fr\/politique-de-protection-des-donnees-personnelles\/#breadcrumb"},"inLanguage":"fr-FR","potentialAction":[{"@type":"ReadAction","target":["https:\/\/www.camping-valkenburg.com\/fr\/politique-de-protection-des-donnees-personnelles\/"]}]},{"@type":"BreadcrumbList","@id":"https:\/\/www.camping-valkenburg.com\/fr\/politique-de-protection-des-donnees-personnelles\/#breadcrumb","itemListElement":[{"@type":"ListItem","position":1,"name":"Accueil","item":"https:\/\/www.camping-valkenburg.com\/fr\/"},{"@type":"ListItem","position":2,"name":"Politique de protection des donn\u00e9es personnelles"}]},{"@type":"WebSite","@id":"https:\/\/www.camping-valkenburg.com\/fr\/#website","url":"https:\/\/www.camping-valkenburg.com\/fr\/","name":"Camping Valkenburg - Maastricht","description":"Un site utilisant Citykamp","potentialAction":[{"@type":"SearchAction","target":{"@type":"EntryPoint","urlTemplate":"https:\/\/www.camping-valkenburg.com\/fr\/?s={search_term_string}"},"query-input":{"@type":"PropertyValueSpecification","valueRequired":true,"valueName":"search_term_string"}}],"inLanguage":"fr-FR"}]}},"_links":{"self":[{"href":"https:\/\/www.camping-valkenburg.com\/fr\/wp-json\/wp\/v2\/pages\/120","targetHints":{"allow":["GET"]}}],"collection":[{"href":"https:\/\/www.camping-valkenburg.com\/fr\/wp-json\/wp\/v2\/pages"}],"about":[{"href":"https:\/\/www.camping-valkenburg.com\/fr\/wp-json\/wp\/v2\/types\/page"}],"author":[{"embeddable":true,"href":"https:\/\/www.camping-valkenburg.com\/fr\/wp-json\/wp\/v2\/users\/4"}],"replies":[{"embeddable":true,"href":"https:\/\/www.camping-valkenburg.com\/fr\/wp-json\/wp\/v2\/comments?post=120"}],"version-history":[{"count":4,"href":"https:\/\/www.camping-valkenburg.com\/fr\/wp-json\/wp\/v2\/pages\/120\/revisions"}],"predecessor-version":[{"id":2538,"href":"https:\/\/www.camping-valkenburg.com\/fr\/wp-json\/wp\/v2\/pages\/120\/revisions\/2538"}],"wp:attachment":[{"href":"https:\/\/www.camping-valkenburg.com\/fr\/wp-json\/wp\/v2\/media?parent=120"}],"curies":[{"name":"wp","href":"https:\/\/api.w.org\/{rel}","templated":true}]}}